{"id":249,"date":"2023-08-02T17:08:28","date_gmt":"2023-08-02T16:08:28","guid":{"rendered":"https:\/\/www.sundbygard.no\/minilager\/?page_id=249"},"modified":"2023-08-03T08:49:38","modified_gmt":"2023-08-03T07:49:38","slug":"blahella-kystsamling","status":"publish","type":"page","link":"https:\/\/www.sundbygard.no\/minilager\/blahella-kystsamling\/","title":{"rendered":"Bl\u00e5hella Kystsamling"},"content":{"rendered":"\n<p>Bl\u00e5hella Kystsamling holder til i b\u00e5tnaustet p\u00e5 kyststien mellom \u00c5ros og B\u00e5tst\u00f8 i Asker. Lokalet i b\u00e5tnaustet tilh\u00f8rer Sundby G\u00e5rd og l\u00e5nes gratis ut til den lokalhistoriske utstillingen.<\/p>\n\n\n\n<figure class=\"wp-block-gallery has-nested-images columns-default is-cropped wp-block-gallery-1 is-layout-flex wp-block-gallery-is-layout-flex\">\n<figure class=\"wp-block-image size-large\"><a href=\"https:\/\/www.sundbygard.no\/minilager\/wp-content\/uploads\/2023\/08\/Blaahella-Kystsamling-Logo.jpg\"><img loading=\"lazy\" decoding=\"async\" width=\"790\" height=\"1024\" data-id=\"255\" src=\"https:\/\/www.sundbygard.no\/minilager\/wp-content\/uploads\/2023\/08\/Blaahella-Kystsamling-Logo-790x1024.jpg\" alt=\"\" class=\"wp-image-255\" srcset=\"https:\/\/www.sundbygard.no\/minilager\/wp-content\/uploads\/2023\/08\/Blaahella-Kystsamling-Logo-790x1024.jpg 790w, https:\/\/www.sundbygard.no\/minilager\/wp-content\/uploads\/2023\/08\/Blaahella-Kystsamling-Logo-231x300.jpg 231w, https:\/\/www.sundbygard.no\/minilager\/wp-content\/uploads\/2023\/08\/Blaahella-Kystsamling-Logo-768x996.jpg 768w, https:\/\/www.sundbygard.no\/minilager\/wp-content\/uploads\/2023\/08\/Blaahella-Kystsamling-Logo.jpg 835w\" sizes=\"auto, (max-width: 790px) 100vw, 790px\" \/><\/a><\/figure>\n\n\n\n<figure class=\"wp-block-image size-large\"><a href=\"https:\/\/www.sundbygard.no\/minilager\/wp-content\/uploads\/2023\/08\/Blaahella-Kystsamling.jpg\"><img loading=\"lazy\" decoding=\"async\" width=\"993\" height=\"916\" data-id=\"256\" src=\"https:\/\/www.sundbygard.no\/minilager\/wp-content\/uploads\/2023\/08\/Blaahella-Kystsamling.jpg\" alt=\"\" class=\"wp-image-256\" srcset=\"https:\/\/www.sundbygard.no\/minilager\/wp-content\/uploads\/2023\/08\/Blaahella-Kystsamling.jpg 993w, https:\/\/www.sundbygard.no\/minilager\/wp-content\/uploads\/2023\/08\/Blaahella-Kystsamling-300x277.jpg 300w, https:\/\/www.sundbygard.no\/minilager\/wp-content\/uploads\/2023\/08\/Blaahella-Kystsamling-768x708.jpg 768w\" sizes=\"auto, (max-width: 993px) 100vw, 993px\" \/><\/a><\/figure>\n\n\n\n<figure class=\"wp-block-image size-full\"><a href=\"https:\/\/www.sundbygard.no\/minilager\/wp-content\/uploads\/2023\/08\/Kart-Blahella-Kystsamling.jpg\"><img loading=\"lazy\" decoding=\"async\" width=\"691\" height=\"958\" data-id=\"259\" src=\"https:\/\/www.sundbygard.no\/minilager\/wp-content\/uploads\/2023\/08\/Kart-Blahella-Kystsamling.jpg\" alt=\"\" class=\"wp-image-259\" srcset=\"https:\/\/www.sundbygard.no\/minilager\/wp-content\/uploads\/2023\/08\/Kart-Blahella-Kystsamling.jpg 691w, https:\/\/www.sundbygard.no\/minilager\/wp-content\/uploads\/2023\/08\/Kart-Blahella-Kystsamling-216x300.jpg 216w\" sizes=\"auto, (max-width: 691px) 100vw, 691px\" \/><\/a><\/figure>\n<\/figure>\n\n\n\n<p>Den holder \u00e5pent s\u00f8ndager mellom 11:00-15:00 i sommerhalv\u00e5ret (sommerstengt i uke 26 til 32 i 2023).<\/p>\n\n\n\n<p>De seneste \u00e5rene har vi vist varierte utdrag fra tidligere tema-utstillinger. Vi har hentet frem viktige bilder og elementer fra utstillinger som \u201dR\u00f8yken i seilskutetiden\u201d, \u201dPappab\u00e5tene\u201d, \u201dR\u00f8ykenfiskernes n\u00e6ringsvirksomhet\u201d, \u201dReisen til Amerika\u201d, \u201dLandhandleriene i R\u00f8yken\u201d. Samtidig har vi fors\u00f8kt \u00e5 gj\u00f8re den faste delen av Kystsamlingen mer tydelig. Vi er stolte over \u00e5 kunne vise frem det store utvalget av fiskeredskaper, samt samlingen med Adam Jensens b\u00e5tbygger-verkt\u00f8y som var i bruk p\u00e5 N\u00e6rsnes frem til 1860-tallet. Dette har vi v\u00e6rt s\u00e5 heldige at familien Sundby har tatt vare p\u00e5 i alle \u00e5r.<\/p>\n\n\n\n<p>Ved valg av bilder har vi lagt vekt p\u00e5 at de bes\u00f8kende skal kjenne igjen s\u00e5 vel personer som lokale steder fra en svunnen tid. Det er alltid moro \u00e5 h\u00f8re f.eks \u201d\u00c5, se der er det jo bilde av bestefar!\u201d<\/p>\n\n\n\n<p>Noe av det viktigste med Kystsamlinga p\u00e5 Bl\u00e5hella er \u00e5 v\u00e6re et popul\u00e6rt samlingssted for alle som vandrer p\u00e5 Kyststien. Folk setter pris p\u00e5 \u00e5 ta en pust i bakken for \u00e5 sl\u00e5 av en prat og nyte en kopp kaffe og en vaffel for en billig penge.<\/p>\n\n\n\n<p>Stikk innom for litt lokalhistorie, vaffel, kaffe og en hyggelig prat p\u00e5 s\u00f8ndagsturen langs kyststien. VELKOMMEN!<\/p>\n\n\n\n<h2 class=\"wp-block-heading\">Kystsamlingens historie<\/h2>\n\n\n\n<p>Den ble grunnlagt i 1997 av Stian Kristiansen, Jens A. Sundby, Knut Stensdal, Fr\u00f8ydis Sundby, Kari Stensdal, Ole S\u00f8nju, Anfinn Kuvik og Birger Andersen i 1997. Kristian Halvorsen var formann i mange \u00e5r.<\/p>\n\n\n\n<p>I 2023 gikk foreningen <a href=\"https:\/\/historielaget.no\/nyheter\/post-ViQPQ-overtar-blahella-kystsamling\" target=\"_blank\" rel=\"noreferrer noopener\">inn i R\u00f8yken Historielag<\/a>, se <a href=\"https:\/\/www.historielaget.no\/kulturminner-i-royken\/blahella-kystsamling\" target=\"_blank\" rel=\"noreferrer noopener\">egen nettside<\/a> hos historielaget.<\/p>\n\n\n\n<p><\/p>\n\n\n\n<figure class=\"wp-block-image size-full\"><a href=\"https:\/\/www.sundbygard.no\/minilager\/wp-content\/uploads\/2023\/08\/Royken-historielag-logo2.jpg\"><img loading=\"lazy\" decoding=\"async\" width=\"704\" height=\"333\" src=\"https:\/\/www.sundbygard.no\/minilager\/wp-content\/uploads\/2023\/08\/Royken-historielag-logo2.jpg\" alt=\"\" class=\"wp-image-253\" srcset=\"https:\/\/www.sundbygard.no\/minilager\/wp-content\/uploads\/2023\/08\/Royken-historielag-logo2.jpg 704w, https:\/\/www.sundbygard.no\/minilager\/wp-content\/uploads\/2023\/08\/Royken-historielag-logo2-300x142.jpg 300w\" sizes=\"auto, (max-width: 704px) 100vw, 704px\" \/><\/a><\/figure>\n\n\n\n<h2 class=\"wp-block-heading\">Utstillingene<\/h2>\n\n\n\n<p>Under et lite utvalg fra utstillingene i Bl\u00e5hella Kystsamling.<\/p>\n\n\n\n<figure class=\"wp-block-image size-large\"><a href=\"https:\/\/www.sundbygard.no\/minilager\/wp-content\/uploads\/2023\/08\/Blaahella-Kystsamling-Reisen-til-Amerika-og-Dampskipstrafikken-Pappabaatene-scaled.jpg\"><img loading=\"lazy\" decoding=\"async\" width=\"1024\" height=\"738\" src=\"https:\/\/www.sundbygard.no\/minilager\/wp-content\/uploads\/2023\/08\/Blaahella-Kystsamling-Reisen-til-Amerika-og-Dampskipstrafikken-Pappabaatene-1024x738.jpg\" alt=\"\" class=\"wp-image-266\" srcset=\"https:\/\/www.sundbygard.no\/minilager\/wp-content\/uploads\/2023\/08\/Blaahella-Kystsamling-Reisen-til-Amerika-og-Dampskipstrafikken-Pappabaatene-1024x738.jpg 1024w, https:\/\/www.sundbygard.no\/minilager\/wp-content\/uploads\/2023\/08\/Blaahella-Kystsamling-Reisen-til-Amerika-og-Dampskipstrafikken-Pappabaatene-300x216.jpg 300w, https:\/\/www.sundbygard.no\/minilager\/wp-content\/uploads\/2023\/08\/Blaahella-Kystsamling-Reisen-til-Amerika-og-Dampskipstrafikken-Pappabaatene-768x553.jpg 768w, https:\/\/www.sundbygard.no\/minilager\/wp-content\/uploads\/2023\/08\/Blaahella-Kystsamling-Reisen-til-Amerika-og-Dampskipstrafikken-Pappabaatene-1536x1107.jpg 1536w, https:\/\/www.sundbygard.no\/minilager\/wp-content\/uploads\/2023\/08\/Blaahella-Kystsamling-Reisen-til-Amerika-og-Dampskipstrafikken-Pappabaatene-2048x1476.jpg 2048w, https:\/\/www.sundbygard.no\/minilager\/wp-content\/uploads\/2023\/08\/Blaahella-Kystsamling-Reisen-til-Amerika-og-Dampskipstrafikken-Pappabaatene-1200x865.jpg 1200w, https:\/\/www.sundbygard.no\/minilager\/wp-content\/uploads\/2023\/08\/Blaahella-Kystsamling-Reisen-til-Amerika-og-Dampskipstrafikken-Pappabaatene-1980x1427.jpg 1980w\" sizes=\"auto, (max-width: 1024px) 100vw, 1024px\" \/><\/a><figcaption class=\"wp-element-caption\">Reisen til Amerika. Dampskiptrafikken langs R\u00f8ykens kyst, &laquo;Pappab\u00e5tene&raquo;.<\/figcaption><\/figure>\n\n\n\n<figure class=\"wp-block-image size-large\"><a href=\"https:\/\/www.sundbygard.no\/minilager\/wp-content\/uploads\/2023\/08\/Blaahella-Kystsamling-Royken-i-seilskutetiden-Landhandleriene-i-Royken-scaled.jpg\"><img loading=\"lazy\" decoding=\"async\" width=\"1024\" height=\"726\" src=\"https:\/\/www.sundbygard.no\/minilager\/wp-content\/uploads\/2023\/08\/Blaahella-Kystsamling-Royken-i-seilskutetiden-Landhandleriene-i-Royken-1024x726.jpg\" alt=\"\" class=\"wp-image-267\" srcset=\"https:\/\/www.sundbygard.no\/minilager\/wp-content\/uploads\/2023\/08\/Blaahella-Kystsamling-Royken-i-seilskutetiden-Landhandleriene-i-Royken-1024x726.jpg 1024w, https:\/\/www.sundbygard.no\/minilager\/wp-content\/uploads\/2023\/08\/Blaahella-Kystsamling-Royken-i-seilskutetiden-Landhandleriene-i-Royken-300x213.jpg 300w, https:\/\/www.sundbygard.no\/minilager\/wp-content\/uploads\/2023\/08\/Blaahella-Kystsamling-Royken-i-seilskutetiden-Landhandleriene-i-Royken-768x544.jpg 768w, https:\/\/www.sundbygard.no\/minilager\/wp-content\/uploads\/2023\/08\/Blaahella-Kystsamling-Royken-i-seilskutetiden-Landhandleriene-i-Royken-1536x1088.jpg 1536w, https:\/\/www.sundbygard.no\/minilager\/wp-content\/uploads\/2023\/08\/Blaahella-Kystsamling-Royken-i-seilskutetiden-Landhandleriene-i-Royken-2048x1451.jpg 2048w, https:\/\/www.sundbygard.no\/minilager\/wp-content\/uploads\/2023\/08\/Blaahella-Kystsamling-Royken-i-seilskutetiden-Landhandleriene-i-Royken-1200x850.jpg 1200w, https:\/\/www.sundbygard.no\/minilager\/wp-content\/uploads\/2023\/08\/Blaahella-Kystsamling-Royken-i-seilskutetiden-Landhandleriene-i-Royken-1980x1403.jpg 1980w\" sizes=\"auto, (max-width: 1024px) 100vw, 1024px\" \/><\/a><figcaption class=\"wp-element-caption\">R\u00f8yken i seilskutetiden. Landhandleriene i R\u00f8yken.<\/figcaption><\/figure>\n\n\n\n<figure class=\"wp-block-image size-large\"><a href=\"https:\/\/www.sundbygard.no\/minilager\/wp-content\/uploads\/2023\/08\/Blaahella-Kystsamling-Roykenfiskerne-og-Bademoter-scaled.jpg\"><img loading=\"lazy\" decoding=\"async\" width=\"1024\" height=\"730\" src=\"https:\/\/www.sundbygard.no\/minilager\/wp-content\/uploads\/2023\/08\/Blaahella-Kystsamling-Roykenfiskerne-og-Bademoter-1024x730.jpg\" alt=\"\" class=\"wp-image-269\" srcset=\"https:\/\/www.sundbygard.no\/minilager\/wp-content\/uploads\/2023\/08\/Blaahella-Kystsamling-Roykenfiskerne-og-Bademoter-1024x730.jpg 1024w, https:\/\/www.sundbygard.no\/minilager\/wp-content\/uploads\/2023\/08\/Blaahella-Kystsamling-Roykenfiskerne-og-Bademoter-300x214.jpg 300w, https:\/\/www.sundbygard.no\/minilager\/wp-content\/uploads\/2023\/08\/Blaahella-Kystsamling-Roykenfiskerne-og-Bademoter-768x547.jpg 768w, https:\/\/www.sundbygard.no\/minilager\/wp-content\/uploads\/2023\/08\/Blaahella-Kystsamling-Roykenfiskerne-og-Bademoter-1536x1094.jpg 1536w, https:\/\/www.sundbygard.no\/minilager\/wp-content\/uploads\/2023\/08\/Blaahella-Kystsamling-Roykenfiskerne-og-Bademoter-2048x1459.jpg 2048w, https:\/\/www.sundbygard.no\/minilager\/wp-content\/uploads\/2023\/08\/Blaahella-Kystsamling-Roykenfiskerne-og-Bademoter-1200x855.jpg 1200w, https:\/\/www.sundbygard.no\/minilager\/wp-content\/uploads\/2023\/08\/Blaahella-Kystsamling-Roykenfiskerne-og-Bademoter-1980x1411.jpg 1980w\" sizes=\"auto, (max-width: 1024px) 100vw, 1024px\" \/><\/a><figcaption class=\"wp-element-caption\">R\u00f8ykenfiskernes n\u00e6ringsvirksomhet i Indre Oslofjord og Drammensfjorden. Friluftsliv og sommeraktiviteter i Indre Oslofjord fra 1870.<\/figcaption><\/figure>\n\n\n\n<figure class=\"wp-block-image size-large\"><a href=\"https:\/\/www.sundbygard.no\/minilager\/wp-content\/uploads\/2023\/08\/Blaahella-Kystsamling-Roykenkysten-for-og-na-Sandjaktene-scaled.jpg\"><img loading=\"lazy\" decoding=\"async\" width=\"1024\" height=\"738\" src=\"https:\/\/www.sundbygard.no\/minilager\/wp-content\/uploads\/2023\/08\/Blaahella-Kystsamling-Roykenkysten-for-og-na-Sandjaktene-1024x738.jpg\" alt=\"\" class=\"wp-image-271\" srcset=\"https:\/\/www.sundbygard.no\/minilager\/wp-content\/uploads\/2023\/08\/Blaahella-Kystsamling-Roykenkysten-for-og-na-Sandjaktene-1024x738.jpg 1024w, https:\/\/www.sundbygard.no\/minilager\/wp-content\/uploads\/2023\/08\/Blaahella-Kystsamling-Roykenkysten-for-og-na-Sandjaktene-300x216.jpg 300w, https:\/\/www.sundbygard.no\/minilager\/wp-content\/uploads\/2023\/08\/Blaahella-Kystsamling-Roykenkysten-for-og-na-Sandjaktene-768x553.jpg 768w, https:\/\/www.sundbygard.no\/minilager\/wp-content\/uploads\/2023\/08\/Blaahella-Kystsamling-Roykenkysten-for-og-na-Sandjaktene-1536x1106.jpg 1536w, https:\/\/www.sundbygard.no\/minilager\/wp-content\/uploads\/2023\/08\/Blaahella-Kystsamling-Roykenkysten-for-og-na-Sandjaktene-2048x1475.jpg 2048w, https:\/\/www.sundbygard.no\/minilager\/wp-content\/uploads\/2023\/08\/Blaahella-Kystsamling-Roykenkysten-for-og-na-Sandjaktene-1200x864.jpg 1200w, https:\/\/www.sundbygard.no\/minilager\/wp-content\/uploads\/2023\/08\/Blaahella-Kystsamling-Roykenkysten-for-og-na-Sandjaktene-1980x1426.jpg 1980w\" sizes=\"auto, (max-width: 1024px) 100vw, 1024px\" \/><\/a><figcaption class=\"wp-element-caption\">R\u00f8ykenkysten f\u00f8r og n\u00e5. Sandjaktene.<\/figcaption><\/figure>\n\n\n\n<figure class=\"wp-block-image size-large\"><a href=\"https:\/\/www.sundbygard.no\/minilager\/wp-content\/uploads\/2023\/08\/Blaahella-Kystsamling-Begynnelsen.jpg\"><img loading=\"lazy\" decoding=\"async\" width=\"674\" height=\"1024\" src=\"https:\/\/www.sundbygard.no\/minilager\/wp-content\/uploads\/2023\/08\/Blaahella-Kystsamling-Begynnelsen-674x1024.jpg\" alt=\"\" class=\"wp-image-272\" srcset=\"https:\/\/www.sundbygard.no\/minilager\/wp-content\/uploads\/2023\/08\/Blaahella-Kystsamling-Begynnelsen-674x1024.jpg 674w, https:\/\/www.sundbygard.no\/minilager\/wp-content\/uploads\/2023\/08\/Blaahella-Kystsamling-Begynnelsen-198x300.jpg 198w, https:\/\/www.sundbygard.no\/minilager\/wp-content\/uploads\/2023\/08\/Blaahella-Kystsamling-Begynnelsen-768x1166.jpg 768w, https:\/\/www.sundbygard.no\/minilager\/wp-content\/uploads\/2023\/08\/Blaahella-Kystsamling-Begynnelsen-1012x1536.jpg 1012w, https:\/\/www.sundbygard.no\/minilager\/wp-content\/uploads\/2023\/08\/Blaahella-Kystsamling-Begynnelsen-1349x2048.jpg 1349w, https:\/\/www.sundbygard.no\/minilager\/wp-content\/uploads\/2023\/08\/Blaahella-Kystsamling-Begynnelsen-1200x1822.jpg 1200w, https:\/\/www.sundbygard.no\/minilager\/wp-content\/uploads\/2023\/08\/Blaahella-Kystsamling-Begynnelsen.jpg 1580w\" sizes=\"auto, (max-width: 674px) 100vw, 674px\" \/><\/a><figcaption class=\"wp-element-caption\">Bl\u00e5hella Kystsamling, begynnelsen<\/figcaption><\/figure>\n\n\n\n<figure class=\"wp-block-image size-large\"><a href=\"https:\/\/www.sundbygard.no\/minilager\/wp-content\/uploads\/2023\/08\/Blaahella-Kystsamling-Badeliv-i-Aaros.jpg\"><img loading=\"lazy\" decoding=\"async\" width=\"1024\" height=\"671\" src=\"https:\/\/www.sundbygard.no\/minilager\/wp-content\/uploads\/2023\/08\/Blaahella-Kystsamling-Badeliv-i-Aaros-1024x671.jpg\" alt=\"\" class=\"wp-image-274\" srcset=\"https:\/\/www.sundbygard.no\/minilager\/wp-content\/uploads\/2023\/08\/Blaahella-Kystsamling-Badeliv-i-Aaros-1024x671.jpg 1024w, https:\/\/www.sundbygard.no\/minilager\/wp-content\/uploads\/2023\/08\/Blaahella-Kystsamling-Badeliv-i-Aaros-300x196.jpg 300w, https:\/\/www.sundbygard.no\/minilager\/wp-content\/uploads\/2023\/08\/Blaahella-Kystsamling-Badeliv-i-Aaros-768x503.jpg 768w, https:\/\/www.sundbygard.no\/minilager\/wp-content\/uploads\/2023\/08\/Blaahella-Kystsamling-Badeliv-i-Aaros-1200x786.jpg 1200w, https:\/\/www.sundbygard.no\/minilager\/wp-content\/uploads\/2023\/08\/Blaahella-Kystsamling-Badeliv-i-Aaros.jpg 1489w\" sizes=\"auto, (max-width: 1024px) 100vw, 1024px\" \/><\/a><\/figure>\n\n\n\n<figure class=\"wp-block-image size-large\"><a href=\"https:\/\/www.sundbygard.no\/minilager\/wp-content\/uploads\/2023\/08\/Blaahella-Kystsamling-Seilskutebygging-Verven-i-Aaros.jpg\"><img loading=\"lazy\" decoding=\"async\" width=\"1024\" height=\"717\" src=\"https:\/\/www.sundbygard.no\/minilager\/wp-content\/uploads\/2023\/08\/Blaahella-Kystsamling-Seilskutebygging-Verven-i-Aaros-1024x717.jpg\" alt=\"\" class=\"wp-image-275\" srcset=\"https:\/\/www.sundbygard.no\/minilager\/wp-content\/uploads\/2023\/08\/Blaahella-Kystsamling-Seilskutebygging-Verven-i-Aaros-1024x717.jpg 1024w, https:\/\/www.sundbygard.no\/minilager\/wp-content\/uploads\/2023\/08\/Blaahella-Kystsamling-Seilskutebygging-Verven-i-Aaros-300x210.jpg 300w, https:\/\/www.sundbygard.no\/minilager\/wp-content\/uploads\/2023\/08\/Blaahella-Kystsamling-Seilskutebygging-Verven-i-Aaros-768x538.jpg 768w, https:\/\/www.sundbygard.no\/minilager\/wp-content\/uploads\/2023\/08\/Blaahella-Kystsamling-Seilskutebygging-Verven-i-Aaros-1200x840.jpg 1200w, https:\/\/www.sundbygard.no\/minilager\/wp-content\/uploads\/2023\/08\/Blaahella-Kystsamling-Seilskutebygging-Verven-i-Aaros.jpg 1244w\" sizes=\"auto, (max-width: 1024px) 100vw, 1024px\" \/><\/a><\/figure>\n\n\n\n<figure class=\"wp-block-image size-large\"><a href=\"https:\/\/www.sundbygard.no\/minilager\/wp-content\/uploads\/2023\/08\/Blaahella-Kystsamling-Barken-Duen-og-Kristine.jpg\"><img loading=\"lazy\" decoding=\"async\" width=\"750\" height=\"1024\" src=\"https:\/\/www.sundbygard.no\/minilager\/wp-content\/uploads\/2023\/08\/Blaahella-Kystsamling-Barken-Duen-og-Kristine-750x1024.jpg\" alt=\"\" class=\"wp-image-276\" srcset=\"https:\/\/www.sundbygard.no\/minilager\/wp-content\/uploads\/2023\/08\/Blaahella-Kystsamling-Barken-Duen-og-Kristine-750x1024.jpg 750w, https:\/\/www.sundbygard.no\/minilager\/wp-content\/uploads\/2023\/08\/Blaahella-Kystsamling-Barken-Duen-og-Kristine-220x300.jpg 220w, https:\/\/www.sundbygard.no\/minilager\/wp-content\/uploads\/2023\/08\/Blaahella-Kystsamling-Barken-Duen-og-Kristine.jpg 752w\" sizes=\"auto, (max-width: 750px) 100vw, 750px\" \/><\/a><\/figure>\n\n\n\n<figure class=\"wp-block-image size-full\"><a href=\"https:\/\/www.sundbygard.no\/minilager\/wp-content\/uploads\/2023\/08\/Blaahella-Kystsamling-landskapsmaler-K-Anbert-Nygaard-i-Aaros.jpg\"><img loading=\"lazy\" decoding=\"async\" width=\"700\" height=\"988\" src=\"https:\/\/www.sundbygard.no\/minilager\/wp-content\/uploads\/2023\/08\/Blaahella-Kystsamling-landskapsmaler-K-Anbert-Nygaard-i-Aaros.jpg\" alt=\"\" class=\"wp-image-277\" srcset=\"https:\/\/www.sundbygard.no\/minilager\/wp-content\/uploads\/2023\/08\/Blaahella-Kystsamling-landskapsmaler-K-Anbert-Nygaard-i-Aaros.jpg 700w, https:\/\/www.sundbygard.no\/minilager\/wp-content\/uploads\/2023\/08\/Blaahella-Kystsamling-landskapsmaler-K-Anbert-Nygaard-i-Aaros-213x300.jpg 213w\" sizes=\"auto, (max-width: 700px) 100vw, 700px\" \/><\/a><\/figure>\n\n\n\n<h2 class=\"wp-block-heading\">Avisutklipp<\/h2>\n\n\n\n<p>Under er diverse avisutklipp fra lokalavisen R\u00f8yken og Hurums avis vist.<\/p>\n\n\n\n<figure class=\"wp-block-image size-large\"><a href=\"https:\/\/www.sundbygard.no\/minilager\/wp-content\/uploads\/2023\/08\/RHA-Spennende-utstilling-pa-Blahella-Kystsamling.jpg\"><img loading=\"lazy\" decoding=\"async\" width=\"1024\" height=\"424\" src=\"https:\/\/www.sundbygard.no\/minilager\/wp-content\/uploads\/2023\/08\/RHA-Spennende-utstilling-pa-Blahella-Kystsamling-1024x424.jpg\" alt=\"\" class=\"wp-image-278\" srcset=\"https:\/\/www.sundbygard.no\/minilager\/wp-content\/uploads\/2023\/08\/RHA-Spennende-utstilling-pa-Blahella-Kystsamling-1024x424.jpg 1024w, https:\/\/www.sundbygard.no\/minilager\/wp-content\/uploads\/2023\/08\/RHA-Spennende-utstilling-pa-Blahella-Kystsamling-300x124.jpg 300w, https:\/\/www.sundbygard.no\/minilager\/wp-content\/uploads\/2023\/08\/RHA-Spennende-utstilling-pa-Blahella-Kystsamling-768x318.jpg 768w, https:\/\/www.sundbygard.no\/minilager\/wp-content\/uploads\/2023\/08\/RHA-Spennende-utstilling-pa-Blahella-Kystsamling-1536x636.jpg 1536w, https:\/\/www.sundbygard.no\/minilager\/wp-content\/uploads\/2023\/08\/RHA-Spennende-utstilling-pa-Blahella-Kystsamling-1200x497.jpg 1200w, https:\/\/www.sundbygard.no\/minilager\/wp-content\/uploads\/2023\/08\/RHA-Spennende-utstilling-pa-Blahella-Kystsamling.jpg 1708w\" sizes=\"auto, (max-width: 1024px) 100vw, 1024px\" \/><\/a><\/figure>\n\n\n\n<figure class=\"wp-block-image size-full\"><a href=\"https:\/\/www.sundbygard.no\/minilager\/wp-content\/uploads\/2023\/08\/RHA-Reisen-til-Amerika.jpg\"><img loading=\"lazy\" decoding=\"async\" width=\"583\" height=\"846\" src=\"https:\/\/www.sundbygard.no\/minilager\/wp-content\/uploads\/2023\/08\/RHA-Reisen-til-Amerika.jpg\" alt=\"\" class=\"wp-image-279\" srcset=\"https:\/\/www.sundbygard.no\/minilager\/wp-content\/uploads\/2023\/08\/RHA-Reisen-til-Amerika.jpg 583w, https:\/\/www.sundbygard.no\/minilager\/wp-content\/uploads\/2023\/08\/RHA-Reisen-til-Amerika-207x300.jpg 207w\" sizes=\"auto, (max-width: 583px) 100vw, 583px\" \/><\/a><\/figure>\n\n\n\n<figure class=\"wp-block-image size-full\"><a href=\"https:\/\/www.sundbygard.no\/minilager\/wp-content\/uploads\/2023\/08\/RHA-18-februar-2002-Gamle-bademoter.jpg\"><img loading=\"lazy\" decoding=\"async\" width=\"566\" height=\"1021\" src=\"https:\/\/www.sundbygard.no\/minilager\/wp-content\/uploads\/2023\/08\/RHA-18-februar-2002-Gamle-bademoter.jpg\" alt=\"\" class=\"wp-image-280\" srcset=\"https:\/\/www.sundbygard.no\/minilager\/wp-content\/uploads\/2023\/08\/RHA-18-februar-2002-Gamle-bademoter.jpg 566w, https:\/\/www.sundbygard.no\/minilager\/wp-content\/uploads\/2023\/08\/RHA-18-februar-2002-Gamle-bademoter-166x300.jpg 166w\" sizes=\"auto, (max-width: 566px) 100vw, 566px\" \/><\/a><\/figure>\n\n\n\n<figure class=\"wp-block-image size-large\"><a href=\"https:\/\/www.sundbygard.no\/minilager\/wp-content\/uploads\/2023\/08\/RHA-11-mai-1998-Med-guide-til-Hoevikvollen.jpg\"><img loading=\"lazy\" decoding=\"async\" width=\"1024\" height=\"875\" src=\"https:\/\/www.sundbygard.no\/minilager\/wp-content\/uploads\/2023\/08\/RHA-11-mai-1998-Med-guide-til-Hoevikvollen-1024x875.jpg\" alt=\"\" class=\"wp-image-281\" srcset=\"https:\/\/www.sundbygard.no\/minilager\/wp-content\/uploads\/2023\/08\/RHA-11-mai-1998-Med-guide-til-Hoevikvollen-1024x875.jpg 1024w, https:\/\/www.sundbygard.no\/minilager\/wp-content\/uploads\/2023\/08\/RHA-11-mai-1998-Med-guide-til-Hoevikvollen-300x256.jpg 300w, https:\/\/www.sundbygard.no\/minilager\/wp-content\/uploads\/2023\/08\/RHA-11-mai-1998-Med-guide-til-Hoevikvollen-768x656.jpg 768w, https:\/\/www.sundbygard.no\/minilager\/wp-content\/uploads\/2023\/08\/RHA-11-mai-1998-Med-guide-til-Hoevikvollen.jpg 1177w\" sizes=\"auto, (max-width: 1024px) 100vw, 1024px\" \/><\/a><\/figure>\n\n\n\n<figure class=\"wp-block-image size-large\"><a href=\"https:\/\/www.sundbygard.no\/minilager\/wp-content\/uploads\/2023\/08\/RHA-27-juni-1997-Museumsdroem-blir-virkelighet.jpg\"><img loading=\"lazy\" decoding=\"async\" width=\"1024\" height=\"1013\" src=\"https:\/\/www.sundbygard.no\/minilager\/wp-content\/uploads\/2023\/08\/RHA-27-juni-1997-Museumsdroem-blir-virkelighet-1024x1013.jpg\" alt=\"\" class=\"wp-image-282\" srcset=\"https:\/\/www.sundbygard.no\/minilager\/wp-content\/uploads\/2023\/08\/RHA-27-juni-1997-Museumsdroem-blir-virkelighet-1024x1013.jpg 1024w, https:\/\/www.sundbygard.no\/minilager\/wp-content\/uploads\/2023\/08\/RHA-27-juni-1997-Museumsdroem-blir-virkelighet-300x297.jpg 300w, https:\/\/www.sundbygard.no\/minilager\/wp-content\/uploads\/2023\/08\/RHA-27-juni-1997-Museumsdroem-blir-virkelighet-768x760.jpg 768w, https:\/\/www.sundbygard.no\/minilager\/wp-content\/uploads\/2023\/08\/RHA-27-juni-1997-Museumsdroem-blir-virkelighet.jpg 1034w\" sizes=\"auto, (max-width: 1024px) 100vw, 1024px\" \/><\/a><\/figure>\n","protected":false},"excerpt":{"rendered":"<p>Bl\u00e5hella Kystsamling holder til i b\u00e5tnaustet p\u00e5 kyststien mellom \u00c5ros og B\u00e5tst\u00f8 i Asker. Lokalet i b\u00e5tnaustet tilh\u00f8rer Sundby G\u00e5rd og l\u00e5nes gratis ut til den lokalhistoriske utstillingen. Den holder \u00e5pent s\u00f8ndager mellom 11:00-15:00 i sommerhalv\u00e5ret (sommerstengt i uke 26 til 32 i 2023). De seneste \u00e5rene har vi vist varierte utdrag fra tidligere tema-utstillinger. [&hellip;]<\/p>\n","protected":false},"author":1,"featured_media":0,"parent":0,"menu_order":0,"comment_status":"closed","ping_status":"closed","template":"","meta":{"_monsterinsights_skip_tracking":false,"_monsterinsights_sitenote_active":false,"_monsterinsights_sitenote_note":"","_monsterinsights_sitenote_category":0,"footnotes":""},"class_list":["post-249","page","type-page","status-publish","hentry"],"_links":{"self":[{"href":"https:\/\/www.sundbygard.no\/minilager\/wp-json\/wp\/v2\/pages\/249","targetHints":{"allow":["GET"]}}],"collection":[{"href":"https:\/\/www.sundbygard.no\/minilager\/wp-json\/wp\/v2\/pages"}],"about":[{"href":"https:\/\/www.sundbygard.no\/minilager\/wp-json\/wp\/v2\/types\/page"}],"author":[{"embeddable":true,"href":"https:\/\/www.sundbygard.no\/minilager\/wp-json\/wp\/v2\/users\/1"}],"replies":[{"embeddable":true,"href":"https:\/\/www.sundbygard.no\/minilager\/wp-json\/wp\/v2\/comments?post=249"}],"version-history":[{"count":15,"href":"https:\/\/www.sundbygard.no\/minilager\/wp-json\/wp\/v2\/pages\/249\/revisions"}],"predecessor-version":[{"id":284,"href":"https:\/\/www.sundbygard.no\/minilager\/wp-json\/wp\/v2\/pages\/249\/revisions\/284"}],"wp:attachment":[{"href":"https:\/\/www.sundbygard.no\/minilager\/wp-json\/wp\/v2\/media?parent=249"}],"curies":[{"name":"wp","href":"https:\/\/api.w.org\/{rel}","templated":true}]}}